{"id":1031,"date":"2018-09-29T03:57:47","date_gmt":"2018-09-29T03:57:47","guid":{"rendered":"http:\/\/ricardofallasj.com\/?page_id=1031"},"modified":"2020-03-03T05:52:01","modified_gmt":"2020-03-03T05:52:01","slug":"resenas","status":"publish","type":"page","link":"https:\/\/ricardofallasj.com\/?page_id=1031","title":{"rendered":"Rese\u00f1as y comentarios"},"content":{"rendered":"En este apartado se colocan los v\u00ednculos a rese\u00f1as y comentarios sobre la obra de Ricardo Falla, sj, y que han sido publicados en diversas revistas acad\u00e9micas.\n\n<hr \/>\n\n<div class=\"page\" title=\"Page 1\">\n<div class=\"section\">\n<div class=\"layoutArea\">\n<div class=\"column\">\n\n<strong><img loading=\"lazy\" decoding=\"async\" class=\"wp-image-1297  alignleft\" src=\"https:\/\/ricardofallasj.com\/wp-content\/uploads\/Resen\u0303a-Ricardo-Falla.png\" alt=\"\" width=\"158\" height=\"210\" \/><\/strong><strong>Comentarios por Ana Secundina M\u00e9ndez Romero<\/strong>\n\n<strong>\u201cAl atardecer de la vida\u2026\u201d Escritos de Ricardo Falla, sj. Volumen 7 <\/strong>\n\n<strong><em>Resortes de la organizaci\u00f3n en el campo <\/em><\/strong><strong><em>Guatemala, 1975 a 1980<\/em><\/strong>\n\n11 de febrero de 2020\n\n<\/div>\n<\/div>\n<\/div>\n<\/div>\n<p class=\"uk-text-muted uk-margin-remove\">Antes de compartir algunas l\u00edneas en torno al presente libro \u201cResortes de la organizaci\u00f3n en el campo\u2026\u201d quiero agradecer la oportunidad que me dan de leer y comentar este nuevo volumen VII de la colecci\u00f3n \u201cAl atardecer de la vida\u2026\u201d Lo hago con confianza. He tenido la oportunidad de conocer a Ricardo desde hace algunos a\u00f1os. Nos conocimos en el a\u00f1o 2001 en la Colonia San Antonio de la Zona 6 de la Ciudad Capital. En ese entonces, est\u00e1bamos por iniciar un trabajo de investigaci\u00f3n sobre juventud. Participaron tres parroquias: Santa Mar\u00eda Chiquimula, Ixc\u00e1n y Zacualpa.<\/p>\n<div class=\"sdm_download_button_box_default\"><div class=\"sdm_download_link\"><a href=\"https:\/\/ricardofallasj.com\/?sdm_process_download=1&download_id=1343\" class=\"sdm_download green\" title=\"Comentarios por Ana Secundina M\u00e9ndez Romero\" target=&quot;_blank&quot;>\u00a1Descarga ahora!<\/a><\/div><\/div>\n\n<hr \/>\n\n<div class=\"page\" title=\"Page 1\">\n<div class=\"section\">\n<div class=\"layoutArea\">\n<div class=\"column\">\n\n<strong><img loading=\"lazy\" decoding=\"async\" class=\"wp-image-1297  alignleft\" src=\"https:\/\/ricardofallasj.com\/wp-content\/uploads\/Resen\u0303a-Ricardo-Falla.png\" alt=\"\" width=\"158\" height=\"210\" \/><\/strong><strong>Presentaci\u00f3n al Vol. 7 de la Colecci\u00f3n \u201cAl atardecer de la vida\u2026\u201d<\/strong>\n\n<strong><em>Los resortes de la organizaci\u00f3n en el campo<\/em><\/strong>\n\nPor Ricardo Falla\n\n11 de febrero de 2020\n\n<\/div>\n<\/div>\n<\/div>\n<\/div>\n<p class=\"uk-text-muted uk-margin-remove\">Este libro supone una opci\u00f3n a favor de los pobres, hecha realidad a trav\u00e9s de un trabajo de investigaci\u00f3n de cinco a\u00f1os (1975 a 1980), orientado hacia la formaci\u00f3n de una organizaci\u00f3n campesina con fuerza de transformaci\u00f3n estructural, incluida en el movimiento revolucionario.<\/p>\n<div class=\"sdm_download_button_box_default\"><div class=\"sdm_download_link\"><a href=\"https:\/\/ricardofallasj.com\/?sdm_process_download=1&download_id=1343\" class=\"sdm_download green\" title=\"Comentarios por Ana Secundina M\u00e9ndez Romero\" target=&quot;_blank&quot;>\u00a1Descarga ahora!<\/a><\/div><\/div>\n\n<hr \/>\n\n<img loading=\"lazy\" decoding=\"async\" class=\"wp-image-1297  alignleft\" src=\"https:\/\/ricardofallasj.com\/wp-content\/uploads\/Resen\u0303a-Ricardo-Falla.png\" alt=\"\" width=\"158\" height=\"210\" \/>\n<div class=\"page\" title=\"Page 1\">\n<div class=\"section\">\n<div class=\"layoutArea\">\n<div class=\"column\">\n\n<strong>Breve semblanza<\/strong>\n<strong>Con ocasio\u0301n del homenaje de la Editorial Universitaria<\/strong>\n\n4 de nov. del 19\n\n<\/div>\n<\/div>\n<\/div>\n<\/div>\n<p class=\"uk-text-muted uk-margin-remove\">Ricardo Falla es un hombre que vive su vocacio\u0301n religiosa durante ya ma\u0301s de 60 an\u0303os. Tambie\u0301n es el antropo\u0301logo inserto, que vive su vida cotidiana, en comunidades pobres (hoy en di\u0301a en una de las ma\u0301s pobres segu\u0301n las cifras oficiales), que en an\u0303os recientes ha escrito no solo sobre el pasado doloroso de nuestro pai\u0301s, atrevie\u0301ndose a revivir temas como los de las masacres genocidas, sino tambie\u0301n sobre el cambio cultural y el futuro que se vislumbra en la juventud.<\/p>\n<div class=\"sdm_download_button_box_default\"><div class=\"sdm_download_link\"><a href=\"https:\/\/ricardofallasj.com\/?sdm_process_download=1&download_id=1300\" class=\"sdm_download green\" title=\"Breve semblanza Con ocasio\u0301n del homenaje de la Editorial Universitaria\" target=&quot;_blank&quot;>\u00a1Descarga ahora!<\/a><\/div><\/div>\n\n<hr \/>\n\n<a href=\"http:\/\/biblio3.url.edu.gt\/publiclg\/url\/revista\/eutopia\/espe.pdf\"><img loading=\"lazy\" decoding=\"async\" class=\"wp-image-1045 alignleft\" src=\"https:\/\/ricardofallasj.com\/wp-content\/uploads\/eutopia-ricardo-falla.png\" alt=\"\" width=\"152\" height=\"222\" \/><\/a>\n\n<strong>Entrega Especial Ricardo Falla, sj<\/strong>\n<p class=\"uk-text-muted uk-margin-remove\">Revista Eutop\u00eda, Universidad Rafael Land\u00edvar<\/p>\n<p class=\"uk-text-muted uk-margin-remove\">Esta compilaci\u00f3n de escritos re\u00fane diversas contribuciones en torno a la obra del antrop\u00f3logo y sacerdote jesuita Ricardo Falla S\u00e1nchez. Las contribuciones analizan tres etapas del itinerario intelectual y biogr\u00e1fico de Ricardo Falla: 1) Estudio de la conversi\u00f3n religiosa y resortes organizativos (1968-1982), 2) Movimientos revolucionarios, acompa\u00f1amiento pastoral e investigaci\u00f3n en tiempos de guerra (1983-1992) y Falla contempor\u00e1neo: nuevas rutas de investigaci\u00f3n (1993-2017).<\/p>\n<div class=\"sdm_download_button_box_default\"><div class=\"sdm_download_link\"><a href=\"https:\/\/ricardofallasj.com\/?sdm_process_download=1&download_id=1227\" class=\"sdm_download green\" title=\"Entrega Especial Ricardo Falla\" target=&quot;_blank&quot;>\u00a1Descarga ahora!<\/a><\/div><\/div>\n\n<hr \/>\n\n<strong><img loading=\"lazy\" decoding=\"async\" class=\"wp-image-1061 alignleft\" src=\"https:\/\/ricardofallasj.com\/wp-content\/uploads\/Rese\u00f1as-de-vol\u00famenes-de-la-Colecci\u00f3n-Al-Atardecer-de-la-vida.png\" alt=\"\" width=\"145\" height=\"181\" srcset=\"https:\/\/ricardofallasj.com\/wp-content\/uploads\/Rese\u00f1as-de-vol\u00famenes-de-la-Colecci\u00f3n-Al-Atardecer-de-la-vida.png 936w, https:\/\/ricardofallasj.com\/wp-content\/uploads\/Rese\u00f1as-de-vol\u00famenes-de-la-Colecci\u00f3n-Al-Atardecer-de-la-vida-768x958.png 768w\" sizes=\"auto, (max-width: 145px) 100vw, 145px\" \/>Rese\u00f1as de vol\u00famenes de la Colecci\u00f3n Al Atardecer de la vida<\/strong>\n<p class=\"uk-text-muted uk-margin-remove\">Comentario sobre el libro de Ricardo Falla, s.j.: Ixc\u00e1n: el campesino ind\u00edgena se levanta<\/p>\n<p class=\"uk-text-muted uk-margin-remove\">Arturo Taracena<\/p>\n<div class=\"sdm_download_button_box_default\"><div class=\"sdm_download_link\"><a href=\"https:\/\/ricardofallasj.com\/?sdm_process_download=1&download_id=1229\" class=\"sdm_download green\" title=\"Rese\u00f1as de vol\u00famenes de la Colecci\u00f3n Al Atardecer de la vida\" target=&quot;_blank&quot;>\u00a1Descarga ahora!<\/a><\/div><\/div>\n\n<hr \/>\n\n<strong><img loading=\"lazy\" decoding=\"async\" class=\"wp-image-1062 alignleft\" src=\"https:\/\/ricardofallasj.com\/wp-content\/uploads\/Comentario-al-libro-de-Ricardo-Falla-s.-j.png\" alt=\"\" width=\"138\" height=\"154\" srcset=\"https:\/\/ricardofallasj.com\/wp-content\/uploads\/Comentario-al-libro-de-Ricardo-Falla-s.-j.png 946w, https:\/\/ricardofallasj.com\/wp-content\/uploads\/Comentario-al-libro-de-Ricardo-Falla-s.-j-768x859.png 768w\" sizes=\"auto, (max-width: 138px) 100vw, 138px\" \/>Comentario al libro de Ricardo Falla, s. j.:<\/strong>\n<p class=\"uk-text-muted uk-margin-remove\">Ixc\u00e1n: El campesino ind\u00edgena se levanta. Guatemala 1966-1982 (Tercer volumen de la colecci\u00f3n Al Atardecer de la Vida)<\/p>\n<p class=\"uk-text-muted uk-margin-remove\">Tania Palencia<\/p>\n<div class=\"sdm_download_button_box_default\"><div class=\"sdm_download_link\"><a href=\"https:\/\/ricardofallasj.com\/?sdm_process_download=1&download_id=1230\" class=\"sdm_download green\" title=\"Comentario al libro de Ricardo Falla\" target=&quot;_blank&quot;>\u00a1Descarga ahora!<\/a><\/div><\/div>\n\n<hr \/>\n\n<strong><img loading=\"lazy\" decoding=\"async\" class=\"wp-image-1063 alignleft\" src=\"https:\/\/ricardofallasj.com\/wp-content\/uploads\/Rese\u00f1a-del-libro-Ixc\u00e1n.png\" alt=\"\" width=\"137\" height=\"189\" srcset=\"https:\/\/ricardofallasj.com\/wp-content\/uploads\/Rese\u00f1a-del-libro-Ixc\u00e1n.png 872w, https:\/\/ricardofallasj.com\/wp-content\/uploads\/Rese\u00f1a-del-libro-Ixc\u00e1n-768x1062.png 768w\" sizes=\"auto, (max-width: 137px) 100vw, 137px\" \/>Rese\u00f1a del libro: Ixc\u00e1n, El campesino ind\u00edgena se levanta, Guatemala 1966-1982, Al Atardecer de la vida, Escritos de Ricardo Falla.<\/strong>\n<p class=\"uk-text-muted uk-margin-remove\">Isabel Rodas<\/p>\n<div class=\"sdm_download_button_box_default\"><div class=\"sdm_download_link\"><a href=\"https:\/\/ricardofallasj.com\/?sdm_process_download=1&download_id=1231\" class=\"sdm_download green\" title=\"Rese\u00f1a del libro: Ixc\u00e1n, El campesino ind\u00edgena se levanta, Guatemala 1966-1982\" target=&quot;_blank&quot;>\u00a1Descarga ahora!<\/a><\/div><\/div>\n\n<hr \/>\n\n<strong><img loading=\"lazy\" decoding=\"async\" class=\"wp-image-1065 alignleft\" src=\"https:\/\/ricardofallasj.com\/wp-content\/uploads\/Sobre-Ixc\u00e1n-Masacres-y-sobrevivencia-de-Ricardo-Falla.png\" alt=\"\" width=\"121\" height=\"180\" \/>Sobre Ixc\u00e1n: Masacres y sobrevivencia de Ricardo Falla.<\/strong>\n<p class=\"uk-text-muted uk-margin-remove\">Jos\u00e9 Luis Rocha<\/p>\n<div class=\"sdm_download_button_box_default\"><div class=\"sdm_download_link\"><a href=\"https:\/\/ricardofallasj.com\/?sdm_process_download=1&download_id=1232\" class=\"sdm_download green\" title=\"Sobre Ixc\u00e1n: Masacres y sobrevivencia de Ricardo Falla\" target=&quot;_blank&quot;>\u00a1Descarga ahora!<\/a><\/div><\/div>\n\n<hr \/>\n\n<strong><img loading=\"lazy\" decoding=\"async\" class=\"wp-image-1066 alignleft\" src=\"https:\/\/ricardofallasj.com\/wp-content\/uploads\/Comentarios-en-la-presentaci\u00f3n-del-libro-Ixcan-Andres-Cabanas.png\" alt=\"\" width=\"115\" height=\"142\" \/>Comentarios en la presentaci\u00f3n del libro Ixcan: Masacres y Sobrevivencia, cuarto volumen de la serie Al atardecer de la vida, de Ricardo Falla.<\/strong>\n<p class=\"uk-text-muted uk-margin-remove\">Andr\u00e9s Cabanas<\/p>\n<div class=\"sdm_download_button_box_default\"><div class=\"sdm_download_link\"><a href=\"https:\/\/ricardofallasj.com\/?sdm_process_download=1&download_id=1233\" class=\"sdm_download green\" title=\"Comentarios en la presentaci\u00f3n del libro Ixcan: Masacres y Sobrevivencia\" target=&quot;_blank&quot;>\u00a1Descarga ahora!<\/a><\/div><\/div>\n\n<hr \/>\n\n<strong>Un libro ba\u00f1ado en l\u00e1grimas <\/strong>\n<p class=\"uk-text-muted uk-margin-remove\">Jos\u00e9 Luis Rocha<\/p>\n<div class=\"sdm_download_button_box_default\"><div class=\"sdm_download_link\"><a href=\"https:\/\/ricardofallasj.com\/?sdm_process_download=1&download_id=1234\" class=\"sdm_download green\" title=\"Un libro ba\u00f1ado en l\u00e1grimas\" target=&quot;_blank&quot;>\u00a1Descarga ahora!<\/a><\/div><\/div>\n\n<hr \/>\n<p class=\"uk-text-muted uk-margin-remove\"><strong>Memorias del genocidio. Guatemala: masacre, aniquilamiento y sobrevivencia<\/strong><\/p>\n<p class=\"uk-text-muted uk-margin-remove\">Manolo Vela<\/p>\n<div class=\"sdm_download_button_box_default\"><div class=\"sdm_download_link\"><a href=\"https:\/\/ricardofallasj.com\/?sdm_process_download=1&download_id=1235\" class=\"sdm_download green\" title=\"Memorias del genocidio. Guatemala: masacre, aniquilamiento y sobrevivencia\" target=&quot;_blank&quot;>\u00a1Descarga ahora!<\/a><\/div><\/div>","protected":false},"excerpt":{"rendered":"<p>En este apartado se colocan los v\u00ednculos a rese\u00f1as y comentarios sobre la obra de Ricardo Falla, sj, y que han sido publicados en diversas revistas acad\u00e9micas. Comentarios por Ana Secundina M\u00e9ndez Romero \u201cAl atardecer de la vida\u2026\u201d Escritos de Ricardo Falla, sj. Volumen 7 Resortes de la organizaci\u00f3n en el campo Guatemala, 1975 a [&hellip;]<\/p>\n","protected":false},"author":1,"featured_media":0,"parent":0,"menu_order":0,"comment_status":"closed","ping_status":"closed","template":"","meta":{"footnotes":""},"class_list":["post-1031","page","type-page","status-publish","hentry"],"yoast_head":"<!-- This site is optimized with the Yoast SEO plugin v26.8 - https:\/\/yoast.com\/product\/yoast-seo-wordpress\/ -->\n<title>Rese\u00f1as y comentarios - Ricardo Falla sj<\/title>\n<meta name=\"robots\" content=\"index, follow, max-snippet:-1, max-image-preview:large, max-video-preview:-1\" \/>\n<link rel=\"canonical\" href=\"https:\/\/ricardofallasj.com\/?page_id=1031\" \/>\n<meta property=\"og:locale\" content=\"es_ES\" \/>\n<meta property=\"og:type\" content=\"article\" \/>\n<meta property=\"og:title\" content=\"Rese\u00f1as y comentarios - Ricardo Falla sj\" \/>\n<meta property=\"og:description\" content=\"En este apartado se colocan los v\u00ednculos a rese\u00f1as y comentarios sobre la obra de Ricardo Falla, sj, y que han sido publicados en diversas revistas acad\u00e9micas. Comentarios por Ana Secundina M\u00e9ndez Romero \u201cAl atardecer de la vida\u2026\u201d Escritos de Ricardo Falla, sj. Volumen 7 Resortes de la organizaci\u00f3n en el campo Guatemala, 1975 a [&hellip;]\" \/>\n<meta property=\"og:url\" content=\"https:\/\/ricardofallasj.com\/?page_id=1031\" \/>\n<meta property=\"og:site_name\" content=\"Ricardo Falla sj\" \/>\n<meta property=\"article:modified_time\" content=\"2020-03-03T05:52:01+00:00\" \/>\n<meta property=\"og:image\" content=\"http:\/\/ricardofallasj.com\/wp-content\/uploads\/eutopia-ricardo-falla.png\" \/>\n<meta name=\"twitter:card\" content=\"summary_large_image\" \/>\n<meta name=\"twitter:label1\" content=\"Tiempo de lectura\" \/>\n\t<meta name=\"twitter:data1\" content=\"3 minutos\" \/>\n<script type=\"application\/ld+json\" class=\"yoast-schema-graph\">{\"@context\":\"https:\/\/schema.org\",\"@graph\":[{\"@type\":\"WebPage\",\"@id\":\"https:\/\/ricardofallasj.com\/?page_id=1031\",\"url\":\"https:\/\/ricardofallasj.com\/?page_id=1031\",\"name\":\"Rese\u00f1as y comentarios - Ricardo Falla sj\",\"isPartOf\":{\"@id\":\"https:\/\/ricardofallasj.com\/#website\"},\"primaryImageOfPage\":{\"@id\":\"https:\/\/ricardofallasj.com\/?page_id=1031#primaryimage\"},\"image\":{\"@id\":\"https:\/\/ricardofallasj.com\/?page_id=1031#primaryimage\"},\"thumbnailUrl\":\"http:\/\/ricardofallasj.com\/wp-content\/uploads\/eutopia-ricardo-falla.png\",\"datePublished\":\"2018-09-29T03:57:47+00:00\",\"dateModified\":\"2020-03-03T05:52:01+00:00\",\"breadcrumb\":{\"@id\":\"https:\/\/ricardofallasj.com\/?page_id=1031#breadcrumb\"},\"inLanguage\":\"es\",\"potentialAction\":[{\"@type\":\"ReadAction\",\"target\":[\"https:\/\/ricardofallasj.com\/?page_id=1031\"]}]},{\"@type\":\"ImageObject\",\"inLanguage\":\"es\",\"@id\":\"https:\/\/ricardofallasj.com\/?page_id=1031#primaryimage\",\"url\":\"http:\/\/ricardofallasj.com\/wp-content\/uploads\/eutopia-ricardo-falla.png\",\"contentUrl\":\"http:\/\/ricardofallasj.com\/wp-content\/uploads\/eutopia-ricardo-falla.png\"},{\"@type\":\"BreadcrumbList\",\"@id\":\"https:\/\/ricardofallasj.com\/?page_id=1031#breadcrumb\",\"itemListElement\":[{\"@type\":\"ListItem\",\"position\":1,\"name\":\"Inicio\",\"item\":\"https:\/\/ricardofallasj.com\/\"},{\"@type\":\"ListItem\",\"position\":2,\"name\":\"Rese\u00f1as y comentarios\"}]},{\"@type\":\"WebSite\",\"@id\":\"https:\/\/ricardofallasj.com\/#website\",\"url\":\"https:\/\/ricardofallasj.com\/\",\"name\":\"Ricardo Falla sj\",\"description\":\"Grupo Impulsor de sus Escritos\",\"potentialAction\":[{\"@type\":\"SearchAction\",\"target\":{\"@type\":\"EntryPoint\",\"urlTemplate\":\"https:\/\/ricardofallasj.com\/?s={search_term_string}\"},\"query-input\":{\"@type\":\"PropertyValueSpecification\",\"valueRequired\":true,\"valueName\":\"search_term_string\"}}],\"inLanguage\":\"es\"}]}<\/script>\n<!-- \/ Yoast SEO plugin. -->","yoast_head_json":{"title":"Rese\u00f1as y comentarios - Ricardo Falla sj","robots":{"index":"index","follow":"follow","max-snippet":"max-snippet:-1","max-image-preview":"max-image-preview:large","max-video-preview":"max-video-preview:-1"},"canonical":"https:\/\/ricardofallasj.com\/?page_id=1031","og_locale":"es_ES","og_type":"article","og_title":"Rese\u00f1as y comentarios - Ricardo Falla sj","og_description":"En este apartado se colocan los v\u00ednculos a rese\u00f1as y comentarios sobre la obra de Ricardo Falla, sj, y que han sido publicados en diversas revistas acad\u00e9micas. Comentarios por Ana Secundina M\u00e9ndez Romero \u201cAl atardecer de la vida\u2026\u201d Escritos de Ricardo Falla, sj. Volumen 7 Resortes de la organizaci\u00f3n en el campo Guatemala, 1975 a [&hellip;]","og_url":"https:\/\/ricardofallasj.com\/?page_id=1031","og_site_name":"Ricardo Falla sj","article_modified_time":"2020-03-03T05:52:01+00:00","og_image":[{"url":"http:\/\/ricardofallasj.com\/wp-content\/uploads\/eutopia-ricardo-falla.png","type":"","width":"","height":""}],"twitter_card":"summary_large_image","twitter_misc":{"Tiempo de lectura":"3 minutos"},"schema":{"@context":"https:\/\/schema.org","@graph":[{"@type":"WebPage","@id":"https:\/\/ricardofallasj.com\/?page_id=1031","url":"https:\/\/ricardofallasj.com\/?page_id=1031","name":"Rese\u00f1as y comentarios - Ricardo Falla sj","isPartOf":{"@id":"https:\/\/ricardofallasj.com\/#website"},"primaryImageOfPage":{"@id":"https:\/\/ricardofallasj.com\/?page_id=1031#primaryimage"},"image":{"@id":"https:\/\/ricardofallasj.com\/?page_id=1031#primaryimage"},"thumbnailUrl":"http:\/\/ricardofallasj.com\/wp-content\/uploads\/eutopia-ricardo-falla.png","datePublished":"2018-09-29T03:57:47+00:00","dateModified":"2020-03-03T05:52:01+00:00","breadcrumb":{"@id":"https:\/\/ricardofallasj.com\/?page_id=1031#breadcrumb"},"inLanguage":"es","potentialAction":[{"@type":"ReadAction","target":["https:\/\/ricardofallasj.com\/?page_id=1031"]}]},{"@type":"ImageObject","inLanguage":"es","@id":"https:\/\/ricardofallasj.com\/?page_id=1031#primaryimage","url":"http:\/\/ricardofallasj.com\/wp-content\/uploads\/eutopia-ricardo-falla.png","contentUrl":"http:\/\/ricardofallasj.com\/wp-content\/uploads\/eutopia-ricardo-falla.png"},{"@type":"BreadcrumbList","@id":"https:\/\/ricardofallasj.com\/?page_id=1031#breadcrumb","itemListElement":[{"@type":"ListItem","position":1,"name":"Inicio","item":"https:\/\/ricardofallasj.com\/"},{"@type":"ListItem","position":2,"name":"Rese\u00f1as y comentarios"}]},{"@type":"WebSite","@id":"https:\/\/ricardofallasj.com\/#website","url":"https:\/\/ricardofallasj.com\/","name":"Ricardo Falla sj","description":"Grupo Impulsor de sus Escritos","potentialAction":[{"@type":"SearchAction","target":{"@type":"EntryPoint","urlTemplate":"https:\/\/ricardofallasj.com\/?s={search_term_string}"},"query-input":{"@type":"PropertyValueSpecification","valueRequired":true,"valueName":"search_term_string"}}],"inLanguage":"es"}]}},"_links":{"self":[{"href":"https:\/\/ricardofallasj.com\/index.php?rest_route=\/wp\/v2\/pages\/1031","targetHints":{"allow":["GET"]}}],"collection":[{"href":"https:\/\/ricardofallasj.com\/index.php?rest_route=\/wp\/v2\/pages"}],"about":[{"href":"https:\/\/ricardofallasj.com\/index.php?rest_route=\/wp\/v2\/types\/page"}],"author":[{"embeddable":true,"href":"https:\/\/ricardofallasj.com\/index.php?rest_route=\/wp\/v2\/users\/1"}],"replies":[{"embeddable":true,"href":"https:\/\/ricardofallasj.com\/index.php?rest_route=%2Fwp%2Fv2%2Fcomments&post=1031"}],"version-history":[{"count":38,"href":"https:\/\/ricardofallasj.com\/index.php?rest_route=\/wp\/v2\/pages\/1031\/revisions"}],"predecessor-version":[{"id":1346,"href":"https:\/\/ricardofallasj.com\/index.php?rest_route=\/wp\/v2\/pages\/1031\/revisions\/1346"}],"wp:attachment":[{"href":"https:\/\/ricardofallasj.com\/index.php?rest_route=%2Fwp%2Fv2%2Fmedia&parent=1031"}],"curies":[{"name":"wp","href":"https:\/\/api.w.org\/{rel}","templated":true}]}}